{"id":370,"date":"2022-03-09T19:15:42","date_gmt":"2022-03-09T19:15:42","guid":{"rendered":"https:\/\/knightsofmaltaosj.com.br\/?page_id=370"},"modified":"2022-04-23T01:03:24","modified_gmt":"2022-04-23T01:03:24","slug":"fundo","status":"publish","type":"page","link":"https:\/\/knightsofmaltaosj.com.br\/?page_id=370","title":{"rendered":"Fundo"},"content":{"rendered":"\t\t<div data-elementor-type=\"wp-page\" data-elementor-id=\"370\" class=\"elementor elementor-370\">\n\t\t\t\t\t\t<section class=\"elementor-section elementor-top-section elementor-element elementor-element-96758c3 elementor-section-boxed elementor-section-height-default elementor-section-height-default\" data-id=\"96758c3\" data-element_type=\"section\" data-e-type=\"section\">\n\t\t\t\t\t\t<div class=\"elementor-container elementor-column-gap-default\">\n\t\t\t\t\t<div class=\"elementor-column elementor-col-100 elementor-top-column elementor-element elementor-element-9117e40\" data-id=\"9117e40\" data-element_type=\"column\" data-e-type=\"column\">\n\t\t\t<div class=\"elementor-widget-wrap elementor-element-populated\">\n\t\t\t\t\t\t<div class=\"elementor-element elementor-element-6f78d41 elementor-widget elementor-widget-image\" data-id=\"6f78d41\" data-element_type=\"widget\" data-e-type=\"widget\" data-widget_type=\"image.default\">\n\t\t\t\t<div class=\"elementor-widget-container\">\n\t\t\t\t\t\t\t\t\t\t\t\t\t\t\t<img fetchpriority=\"high\" decoding=\"async\" width=\"300\" height=\"197\" src=\"https:\/\/knightsofmaltaosj.com.br\/wp-content\/uploads\/2022\/03\/logo-senza-sfondo-300x197-1-1.jpg\" class=\"attachment-large size-large wp-image-374\" alt=\"\" \/>\t\t\t\t\t\t\t\t\t\t\t\t\t\t\t<\/div>\n\t\t\t\t<\/div>\n\t\t\t\t\t<\/div>\n\t\t<\/div>\n\t\t\t\t\t<\/div>\n\t\t<\/section>\n\t\t\t\t<section class=\"elementor-section elementor-top-section elementor-element elementor-element-30b0915 elementor-section-boxed elementor-section-height-default elementor-section-height-default\" data-id=\"30b0915\" data-element_type=\"section\" data-e-type=\"section\">\n\t\t\t\t\t\t<div class=\"elementor-container elementor-column-gap-default\">\n\t\t\t\t\t<div class=\"elementor-column elementor-col-100 elementor-top-column elementor-element elementor-element-1644bb4\" data-id=\"1644bb4\" data-element_type=\"column\" data-e-type=\"column\">\n\t\t\t<div class=\"elementor-widget-wrap elementor-element-populated\">\n\t\t\t\t\t\t<div class=\"elementor-element elementor-element-4978049 elementor-widget elementor-widget-text-editor\" data-id=\"4978049\" data-element_type=\"widget\" data-e-type=\"widget\" data-widget_type=\"text-editor.default\">\n\t\t\t\t<div class=\"elementor-widget-container\">\n\t\t\t\t\t\t\t\t\t<div class=\"elementor-element elementor-element-059516d elementor-widget elementor-widget-text-editor\" data-id=\"059516d\" data-element_type=\"widget\" data-widget_type=\"text-editor.default\"><div class=\"elementor-widget-container\"><div class=\"elementor-text-editor elementor-clearfix\"><p><span style=\"color: #000000;\">No in\u00edcio do ano 1000 Jerusal\u00e9m foi ocupada pelos sarracenos por cerca de 500 anos. Um grupo de navegadores de Amalfi em 1020 obteve do califa Dehara Ladimellah a concess\u00e3o para a constru\u00e7\u00e3o, em Jerusal\u00e9m, de um bairro com um escrit\u00f3rio comercial para hot\u00e9is, igrejas e um hosp\u00edcio para doentes e peregrinos que muitas vezes eram v\u00edtimas de viol\u00eancia e persegui\u00e7\u00e3o .<\/span><br \/><span style=\"color: #000000;\">A \u201cDomus Hospitalis\u201d, dedicada a San Giovanni Battista, que acolheu os homens e o Hosp\u00edcio de Santa Maddalena que acolhia mulheres, deu vida a uma Confraria Mon\u00e1stica de Hospitaleri que pode ser considerada como o n\u00facleo inicial e certamente o mais significativo da ordem.<\/span><br \/><span style=\"color: #000000;\">Em 1090 este \u201cSacra Domus\u201d era governado por beneditinos e por seu mestre: Fra Gerardo de Sasso, proven\u00e7al segundo alguns e amalfitano segundo outros, que escapara da morte por milagre. Ele \u00e9 designado como a primeira figura hist\u00f3rica e o primeiro Gr\u00e3o-Mestre e \u00e9 assim que eles foram posteriormente nomeados com a honra dos altares entre o Beato Hospitaleri.<\/span><br \/><span style=\"color: #000000;\">A \u201cDomus Hospitalis\u201d rapidamente se tornou um ponto de refer\u00eancia n\u00e3o s\u00f3 para os mercadores de Amalfi mas, mais significativamente, para aquela massa an\u00f4nima e indigente em peregrina\u00e7\u00e3o a Jerusal\u00e9m, o lugar mais sagrado do Cristianismo. Em 1099, no final da 1\u00aa Cruzada (1095-1099), Godofredo de Bouillon reconquista Jerusal\u00e9m e Baldu\u00edno torna-se seu primeiro rei.<\/span><br \/><span style=\"color: #000000;\">A \u201cSacra Domus\u201d vive o seu momento mais estimulante e certo, come\u00e7a a realizar uma a\u00e7\u00e3o de apoio n\u00e3o s\u00f3 aos comerciantes e peregrinos, mas \u00e0quela Irmandade de \u201cfrades\u201d que se espalha como fogo por todos lugares sagrados. Ela, que assume caracter\u00edsticas e institui\u00e7\u00f5es pr\u00f3prias, passa a trabalhar a favor dos Cruzados.<\/span><br \/><span style=\"color: #000000;\">Em 1100 recebeu doa\u00e7\u00f5es do pr\u00f3prio Goffredo di Buglione, de Ruggero di Sicilia e de muitos pr\u00edncipes crist\u00e3os. Essas doa\u00e7\u00f5es podem ser consideradas t\u00edtulos legitimadores daquela soberania que continua sendo o car\u00e1ter mais indicativo da Ordem, a ponto de torn\u00e1-la uma na\u00e7\u00e3o sem fronteiras, um reino sem dinastia.<\/span><br \/><span style=\"color: #000000;\">Em virtude da bula papal de 15-12-1113 e atos seguintes, o Papa Pascoal II aprova a institui\u00e7\u00e3o dos Hospital\u00e1rios de S\u00e3o Jo\u00e3o de Jerusal\u00e9m, independente de qualquer autoridade civil e eclesi\u00e1stica, a pequena associa\u00e7\u00e3o atravessa a fronteira da Palestina e se espalha em todo o cristianismo, onde, por autoriza\u00e7\u00e3o pontif\u00edcia, pode receber doa\u00e7\u00f5es e fundar casas.<\/span><br \/><span style=\"color: #000000;\">A presen\u00e7a da Ordem torna-se expressiva sobretudo quando Frei Gerardo faleceu, em 1120 Frei Raimondo Du Puy, um nobre senhor proven\u00e7al, foi chamado a liderar os Hospital\u00e1rios, que mudaram radicalmente o cen\u00e1rio, a estrat\u00e9gia e a finalidade da institui\u00e7\u00e3o.<\/span><br \/><span style=\"color: #000000;\">A defesa do reino latino de Jerusal\u00e9m e o florescimento do esp\u00edrito cavalheiresco est\u00e3o na base da mudan\u00e7a que induz os \u201cFrates\u201d a se tornarem \u2018equites et servientes arm\u00ecgeri \u201d. Por vontade de Inoc\u00eancio III, as fun\u00e7\u00f5es militares s\u00e3o acrescentadas \u00e0s tarefas iniciais de socorro: uma fus\u00e3o original, portanto, entre a for\u00e7a militar em defesa do cristianismo e a caridade hospitalar em defesa da vida.<\/span><br \/><span style=\"color: #000000;\">A estrutura religiosa e cavalheiresca encontra legitimidade na consci\u00eancia de que a defesa do Reino latino de Jerusal\u00e9m, querido por Deus, \u00e9 um dever que todo crist\u00e3o n\u00e3o pode evitar. Os Cavaleiros, que adotaram como emblema a cruz branca de oito pontas (s\u00edmbolo das oito l\u00ednguas), lutam pela defesa dos fracos, dos indefesos, dos peregrinos, da lei e da justi\u00e7a. Eles foram obrigados pelos tr\u00eas votos de obedi\u00eancia, pobreza e castidade. Os capel\u00e3es d\u00e3o esmolas, enquanto os frades cuidam, consolam e enterram os infelizes.<\/span><br \/><span style=\"color: #000000;\">Com a sua morte, o Rei de Arag\u00e3o d\u00e1 os seus reinos \u00e0 Ordem com usufruto aos Templ\u00e1rios e Cavaleiros do Santo Sepulcro que valentemente protegem os lugares sagrados.<\/span><br \/><span style=\"color: #000000;\">Enquanto isso, os Cavaleiros participaram da 2\u00aa Cruzada (1147-1149) participando de maneira particular na expedi\u00e7\u00e3o contra Damasco (1148). A Ordem reabastece as suas reservas, estabelece-se em v\u00e1rios estados, recebe mercadorias de toda a Europa, tornando-se o baluarte da f\u00e9.<\/span><br \/><span style=\"color: #000000;\">Em 1187, Saladino depois de ter alcan\u00e7ado vit\u00f3rias sensacionais e depois de ter tomado posse de muitos territ\u00f3rios, cruzou o Jord\u00e3o. Embora uma defesa extenuante, o Gr\u00e3o-Mestre, v\u00e1rios Cavaleiros da Ordem, muitos Templ\u00e1rios e Cavaleiros do Santo Sepulcro morrem em uma tentativa v\u00e3 de impedir que o infiel reconquiste Jerusal\u00e9m. A sede da Ordem mudou-se para Margat na S\u00edria.<\/span><br \/><span style=\"color: #000000;\">A 3\u00aa Cruzada (1189-1192) comandada por Ricardo Cora\u00e7\u00e3o de Le\u00e3o com a ajuda dos Cavaleiros de Malta liberta S\u00e3o Jo\u00e3o do Acre, que se torna a nova sede da Ordem. Em 1265, o sult\u00e3o ataca e reconquista Tiro, Cesar\u00e9ia, Margat; apenas o Krak, um complexo fortificado constru\u00eddo para resistir a cercos mesmo por longos per\u00edodos, resiste, que por sua vez cai por \u00faltimo. Ap\u00f3s uma defesa her\u00f3ica, Jean De Willier, Gr\u00e3o-Mestre, abandonou a \u00faltima fortaleza de San Giovanni d\u2019Acri em 1291.<\/span><br \/><span style=\"color: #000000;\">A queda de Jerusal\u00e9m e de toda a Palestina nas m\u00e3os dos turcos marcaria um momento negativo para a Ordem se ela n\u00e3o pudesse contar com as \u201cdomus\u201d que permanecem como ilhas ocidentais no ilimitado mundo mu\u00e7ulmano. Na esperan\u00e7a generosa de reconquistar a Palestina, a Ordem (1291) estabeleceu-se em Chipre, onde obteve a cidade de Limisso do rei Henrique de Lusignan.<\/span><br \/><span style=\"color: #000000;\">O Gr\u00e3o-Mestre apela a todos os Cavaleiros do Cristianismo: \u201cVoc\u00eas devem substituir nossos Cavaleiros enterrados sob as ru\u00ednas de Acre; tens nas m\u00e3os a vida, os bens, a liberdade dos teus irm\u00e3os e de todos os crist\u00e3os que gemem acorrentados: que todos os crist\u00e3os, que pertencem a Deus, peguem em armas e venham para libertar o reino e a terra de seus antepassados, para que os filhos n\u00e3o percam na vergonha o que seus pais ganharam de homens valentes \u201d.<\/span><br \/><span style=\"color: #000000;\">\u00c9 no mar que agora se passa a lend\u00e1ria epop\u00e9ia da Ordem. Em seus navios, hasteando a bandeira vermelha com a cruz octogonal branca, os Cavaleiros defender\u00e3o os comboios de peregrinos que se dirigem aos lugares sagrados e atacar\u00e3o implacavelmente as frotas mu\u00e7ulmanas.<\/span><br \/><span style=\"color: #000000;\">Rodes, O reino de Chipre, \u00e9 continuamente atacado e os Cavaleiros, por estarem mais perto do teatro de opera\u00e7\u00f5es, em 1308 conquistam Rodes onde permanecer\u00e3o por 214 anos e constituir\u00e3o o \u00fanico baluarte v\u00e1lido contra o Isl\u00e3. Em Rodes, os Cavaleiros s\u00e3o soberanos, eles acertam dinheiro e obt\u00eam, ap\u00f3s a supress\u00e3o dos Templ\u00e1rios por ordem do Papa Clemente V com a bula \u201cVox in excelso\u201d de 23-3-1312, seu enorme patrim\u00f4nio e seus vastos bens.<\/span><br \/><span style=\"color: #000000;\">A Ordem tornou-se assim, de fato e por direito Soberana. Essa soberania universalmente reconhecida permaneceu intang\u00edvel mesmo ap\u00f3s a perda de Rodes e Malta.<\/span><br \/><span style=\"color: #000000;\">A ilha est\u00e1 repleta de igrejas, escolas, lojas, pal\u00e1cios, tudo rodeado por imponentes fortifica\u00e7\u00f5es, uma antiga obra-prima da engenharia militar da \u00e9poca, o seu hospital acolhedor, uma joia da arte g\u00f3tica, torna-se famoso em toda a Europa.<\/span><br \/><span style=\"color: #000000;\">O Gr\u00e3o-Mestre Villeneuve reorganiza a Ordem e agrupa homens de oito l\u00ednguas diferentes. Os Cavaleiros vivem e comem em comum em seus pal\u00e1cios que s\u00e3o modestamente batizados de \u201chospedarias\u201d.<\/span><br \/><span style=\"color: #000000;\">Em 1334 os gale\u00f5es da Ordem, apoiados pela frota da \u201cLiga Crist\u00e3\u201d, conquistaram Esmirna e l\u00e1 permaneceram at\u00e9 1402, quando foram dominados por uma onda de mong\u00f3is.<\/span><br \/><span style=\"color: #000000;\">Em 1440 dezoito grandes galeras turcas atacaram sem sucesso o porto bem fortificado de Rodes. Eles tentar\u00e3o novamente quatro anos depois, sem sucesso, gra\u00e7as ao valor dos 8.000 defensores da ilha liderados pelos Cavaleiros da Ordem.<\/span><br \/><span style=\"color: #000000;\">Em 1453, ap\u00f3s a queda de Constantinopla, os turcos se espalharam pela Europa e amea\u00e7aram dominar n\u00e3o apenas o Cristianismo, mas tamb\u00e9m o que o Cristianismo representa em termos de civiliza\u00e7\u00e3o. E \u00e9 aqui que a a\u00e7\u00e3o da Ordem se torna cada vez mais precisa e decisiva para conter a onda isl\u00e2mica que atinge a Europa, amea\u00e7ando subjugar s\u00e9culos de hist\u00f3ria e anular as heran\u00e7as ideais que o cristianismo elevou a valores universais. Em 1480, o Gr\u00e3o-Mestre Pierre d\u2019Aubbusson teve que enfrentar 100.000 infi\u00e9is embarcados em 150 navios. A batalha \u00e9 terr\u00edvel; s\u00e3o milhares de feridos e mortos de ambos os lados e entre eles Mohammed II, genro do Sult\u00e3o \u2013 Os Cavaleiros conseguem derrotar e colocar o inimigo em fuga. Pierre d\u2019Aubhusson \u00e9 nomeado Cardeal.<\/span><br \/><span style=\"color: #000000;\">O novo Gr\u00e3o-Mestre \u00e9 Philip de Villiers. Enquanto isso, o cristianismo \u00e9 dilacerado pela heresia de Lutero e pelo cisma de Henrique VII.<\/span><br \/><span style=\"color: #000000;\">Em 24 de junho de 1522, a frota do sult\u00e3o de Constantinopla, Solim\u00e3o, o Magn\u00edfico, comandada por Mustaf\u00e0 Pasci\u00e0, apareceu amea\u00e7ando ao largo da costa com 700 navios e 200.000 homens. \u00c0 frente deles, apenas 5.000 soldados regulares e alguns milhares de ilh\u00e9us armados, comandados pelos Cavaleiros. O cerco come\u00e7ou em 26 de julho. A luta foi extremamente violenta e o sult\u00e3o, vendo-se perdido, ordenou uma retirada. Dos 650 Cavaleiros da Cruz Branca, apenas 4 est\u00e3o imunes a les\u00f5es<\/span><\/p><p><span style=\"color: #000000;\">Mas uma trai\u00e7\u00e3o anula seus valores: o Chanceler da Ordem. O portugu\u00eas Amaral, que odiava a morte Villiers, que lhe fora preferido como Gr\u00e3o-Mestre, envia ao Sult\u00e3o informa\u00e7\u00f5es indicando a fragilidade da defesa. O cerco recome\u00e7a e os cavaleiros contam para continuar resistindo. O traidor \u00e9 exposto, for\u00e7ado a reconhecer o seu crime, degradado e condenado \u00e0 ignom\u00ednia.<\/span><br \/><span style=\"color: #000000;\">Depois de seis meses, o Gr\u00e3o-Mestre, que j\u00e1 n\u00e3o pode esperar a vit\u00f3ria, dita suas condi\u00e7\u00f5es a Suleiman que, admirando o valor infeliz dos Cavaleiros, em 24 de dezembro de 1522 aceita a rendi\u00e7\u00e3o e concede-lhes a honra das armas. As igrejas n\u00e3o ser\u00e3o profanadas, os habitantes da ilha poder\u00e3o sair livremente, os cavaleiros levar\u00e3o seus arquivos e seus tesouros. 160 Cavaleiros embarcaram, os sobreviventes dos 650 que estavam em Rodes e 5.000 rodistas.<\/span><br \/><span style=\"color: #000000;\">\u00c0s cinco da manh\u00e3 de 2 de janeiro de 1523, os sobreviventes zarparam de Rodes. O Convoglio consistia nas tr\u00eas galeras Santa Maria, Santa Caterina e San Giovanni, seguidas do gale\u00e3o San Buonaventura e 11 navios grandes e 14 menores. O Gr\u00e3o-Mestre embarca por \u00faltimo. A perda de Rodes, mais uma vez, colocou em risco a pr\u00f3pria exist\u00eancia da Ordem devido \u00e0 falta de assento fixo. Com Rodes, toda a esperan\u00e7a do cristianismo cai e a meia lua voa sobre o Mediterr\u00e2neo.<\/span><\/p><p><span style=\"color: #000000;\">S\u00e3o momentos de trag\u00e9dia, mas a Ordem n\u00e3o abaixa a bandeira. No dia 30 de abril de 1523 a equipe chegou a Messina. As localiza\u00e7\u00f5es provis\u00f3rias ap\u00f3s Messina foram:<\/span><br \/><span style=\"color: #000000;\">Civitavecchia, Viterbo, Nizza e Villafranca. Tendo-se tornado Papa Giulio de Medici Cavaleiro da Ordem e ex-Gr\u00e3o-Prior de C\u00e1pua, com o nome de Clemente VII, interveio junto ao Imperador Carlos V, da Espanha, que em 24 de julho de 1530 assinou o diploma de concess\u00e3o em Castelfranco d\u2019Emilia, tamb\u00e9m confirmado com a bula papal, em perpetuidade, um feudo nobre e franco das ilhas maltesas e de Tr\u00edpoli, na costa africana.<\/span><br \/><span style=\"color: #000000;\">A Ordem era obrigada apenas a apresentar, todos os anos, em perpetuidade, como uma homenagem simb\u00f3lica ao Rei, um falc\u00e3o no Dia de Todos os Santos. A partir dessa data, a Ordem Gerosolimitano de S\u00e3o Jo\u00e3o Batista passa a ser a Ordem de Malta e esta \u00e9 a sua p\u00e1tria.<\/span><br \/><span style=\"color: #000000;\">Esta ilha, at\u00e9 ent\u00e3o quase deserta, tornou-se o basti\u00e3o da defesa do Cristianismo. Sempre em equipamento de guerra, o \u00e1gil navio dos cruzados patrulha constantemente o mar e mant\u00e9m boa guarda nas costas desprotegidas da Sic\u00edlia e da It\u00e1lia, compensando as defici\u00eancias de guerra e a lentid\u00e3o dos movimentos da frota real. Enquanto isso, os turcos ocuparam Budapeste, amea\u00e7am Viena de perto.<\/span><br \/><span style=\"color: #000000;\">Em 1534, o Gr\u00e3o-Mestre Philip de Villiers morreu. Este piedoso e valente l\u00edder \u00e9 pranteado por todos: o pr\u00f3prio Solim\u00e3o, o Magn\u00edfico, manda ler em todas as mesquitas, um texto sobre os grandes feitos de seu antigo advers\u00e1rio, mas ele decide o mesmo aniquilar a Ordem e ent\u00e3o sitiar de 1551, Malta. Os turcos circundam inutilmente a ilha sem ousar atac\u00e1-la porque os Cavaleiros armaram uma poderosa frota que atua como sentinela n\u00e3o apenas em Malta, mas em todo o Mediterr\u00e2neo. Em 18 de maio de 1565, os Cavaleiros, sob as ordens do Gr\u00e3o-Mestre Jean Fran\u00e7ois de la Vallette passam pelo que os historiadores chamam de grande cerco. Uma frota de 200 navios com 50.000 mu\u00e7ulmanos lan\u00e7a um ataque invocando Al\u00e1. Por cerca de quatro meses, com apenas 9.000 soldados, os Cavaleiros resistem e matam mais de 20.000 oponentes. Apesar de seus 70 anos, La Vallette est\u00e1 na vanguarda. Quando Suleiman II soube que os refor\u00e7os enviados aos Cavaleiros por Filipe, rei da Espanha, comandados por Don Garzia de Toledo, vice-rei da Sic\u00edlia, estavam a caminho, ele morreu aos 72 anos em um ataque de raiva. Em 7 de setembro de 1565, os otomanos suspenderam o cerco. A derrota de Rodes foi vingada.<\/span><br \/><span style=\"color: #000000;\">No Mediterr\u00e2neo, o dom\u00ednio turco \u00e9 afrouxado e, por dois s\u00e9culos, Malta ser\u00e1 inviol\u00e1vel: esta vit\u00f3ria tem um imenso eco na Europa e a frota dos Cavaleiros se torna uma das mais poderosas do Mediterr\u00e2neo. Portanto, participam de tr\u00eas gloriosas empresas: em 1541, sob o comando de Carlos V, a conquista de Argel; em 1551 o empreendimento de Zuara: em 1559-1560 tr\u00edpoli expedi\u00e7\u00e3o e ocupa\u00e7\u00e3o de Djerba.<\/span><br \/><span style=\"color: #000000;\">Por iniciativa do Papa Pio V, a Santa Liga foi formada em 24 de maio de 1571, \u00e0 qual aderiram Espanha e Veneza. \u00c0 frota, comandada por Don Giovanni d\u2019Austria, filho natural de Carlos V, juntaram-se alguns gale\u00f5es da Ordem, em 16 de setembro do mesmo ano o ex\u00e9rcito derreteu as velas.<\/span><br \/><span style=\"color: #000000;\">Em 7 de outubro de 1571 come\u00e7a a batalha de Lepanto, na qual os Cavaleiros ocupam lugar de destaque e contribuem para a vit\u00f3ria sensacional. 60 cavaleiros morreram l\u00e1 e quase todos os sobreviventes ficaram feridos. No entanto, eles conseguiram capturar 160 galeras, incendiar 80 e enviar 30.000 inimigos para o fundo do mar. Com a batalha de Lepanto, o crescente inicia uma fase descendente que culmina com o decl\u00ednio de seu poderio naval.<\/span><br \/><span style=\"color: #000000;\">Mas as virtudes militares nunca nos far\u00e3o esquecer a voca\u00e7\u00e3o hospitaleira dos Cavaleiros. O Hospital de Malta \u00e9 \u00fanico no mundo: pisos de m\u00e1rmore precioso, tape\u00e7aria nas paredes, talheres de prata, camas equipadas com os melhores len\u00e7\u00f3is; um luxo que n\u00e3o existia em nenhum lugar do mundo naquela \u00e9poca. Malta tem escolas de anatomia, medicina e cirurgia. Com a ajuda do Papa e dos Reis da Fran\u00e7a, Espanha e Portugal, os Cavaleiros tamb\u00e9m constru\u00edram pal\u00e1cios, igrejas e a bela Catedral de San Giovanni dei Francesi. O pal\u00e1cio do Gr\u00e3o-Mestre ainda possui uma extraordin\u00e1ria galeria de armaduras e dez grandes tape\u00e7arias Gobelins com o tema \u201cas grandes \u00cdndias Orientais\u201d doadas pela magnific\u00eancia de Lu\u00eds XIV.<\/span><br \/><span style=\"color: #000000;\">Mas foi assim que um furac\u00e3o atingiu a Europa com a Revolu\u00e7\u00e3o Francesa. Em 1792, confiscou dos Hospital\u00e1rios todos os seus bens na Fran\u00e7a, mais tarde na It\u00e1lia, e aboliu as Ordens de Cavalaria. Em 7 de junho de 1798 Napole\u00e3o chegou \u00e0 frente de Malta com uma frota poderosa e na noite de 12, com o ex\u00e9rcito do Egito, entrou no porto de Vallette. Devido ao grave erro do fraco e irresoluto Gr\u00e3o-Mestre, o alem\u00e3o Ferdinand von Hompesch zu Bolheim, Napole\u00e3o se apodera, sem luta, do legado de gl\u00f3ria e sangue dos Cavaleiros, em troca de uma promessa, nunca cumprida, de um bem-vindo na Fran\u00e7a digno de sua posi\u00e7\u00e3o.<\/span><br \/><span style=\"color: #000000;\">E Malta, que resistiu aos turcos e piratas durante s\u00e9culos, abre suas portas ao inimigo. O soldado napole\u00f4nico, digna filha da revolu\u00e7\u00e3o, saqueou e roubou o m\u00e1ximo poss\u00edvel para se manter no neg\u00f3cio. Napole\u00e3o partiu rapidamente e em 11 de novembro de 1800 o almirante Nelson sitiou Malta, que capitulou em 5 de setembro de 1801. Tendo perdido Malta, poderia-se pensar no fim da Ordem. Mas ele, como a f\u00eanix m\u00edtica que renasceu de suas cinzas, nunca morre e nunca morrer\u00e1.<\/span><br \/><span style=\"color: #000000;\">Ironicamente, enquanto as propriedades da Ordem foram abertamente e com impunidade saqueadas de todos e seus territ\u00f3rios invadidos, as seis grandes pot\u00eancias europeias assinaram o Tratado de Amiens em 27 de mar\u00e7o de 1802. Este tratado internacional de paz reconheceu e previu o restabelecimento a independ\u00eancia, prote\u00e7\u00e3o, perpetua\u00e7\u00e3o e soberania da Ordem de S\u00e3o Jo\u00e3o de Jerusal\u00e9m.<\/span><br \/><span style=\"color: #000000;\">Esta soberania, obtida em Rodes em 1308 e reconhecida pelo Tratado de Amiens, nunca deixou de existir com ou sem territ\u00f3rio. \u00c9 um princ\u00edpio estabelecido pelo Direito Internacional que um direito, depois de concedido, n\u00e3o exige, para sua conserva\u00e7\u00e3o, a continua\u00e7\u00e3o da exist\u00eancia do poder do qual foi adquirido. Se um tratado ou qualquer outra lei foi aplicada e reconheceu um direito, a expira\u00e7\u00e3o do tratado ou lei n\u00e3o cancela esse direito.<\/span><\/p><p><span style=\"color: #000000;\">A Ordem Soberana OSJ<\/span><\/p><p><span style=\"color: #000000;\">N\u00e3o h\u00e1 d\u00favida de que a verdadeira voca\u00e7\u00e3o inspirada na vida exemplar de Frei Geraldo e a influ\u00eancia e prest\u00edgio internacional obtidos por Raymond du Puy foram a principal raz\u00e3o determinante para que, desde 1170, o Rei da Pol\u00f4nia autorizasse a cria\u00e7\u00e3o de uma Commenda di San Giovanni com um hospital e uma capela. Sempre sob a prote\u00e7\u00e3o do rei polon\u00eas, outras Comendas surgiram em diferentes locais, como Starolessve (propriedade da fam\u00edlia Montmorency de Ligny-Luxembourg), Ostrong (propriedade da fam\u00edlia Ostrogskid) etc., que, ap\u00f3s 1310, se tornou o Priorado da Pol\u00f4nia.<\/span><br \/><span style=\"color: #000000;\">Em 1609 o Pr\u00edncipe Janusz Ostrogski, propriet\u00e1rio e Comandante Heredit\u00e1rio da Comandante de seu nome, \u00faltimo na dinastia Rudirik, doou seu vasto patrim\u00f4nio a este Priorado Aut\u00f4nomo e Comandante Heredit\u00e1rio. Em 1711, o Rei Estanislau I e o Gr\u00e3o-Mestre Raymond Perello assinaram um acordo que reafirmava a exist\u00eancia do Priorado Aut\u00f4nomo da Pol\u00f4nia.<\/span><br \/><span style=\"color: #000000;\">Havia caracter\u00edsticas particulares deste Priorado que os Comandantes e Cavaleiros n\u00e3o eram obrigados a observar, o celibato e que os estrangeiros podiam ser admitidos neste Priorado \u201cseu jure\u201d como Cavaleiros da Ordem.<\/span><\/p><p><span style=\"color: #000000;\">A invas\u00e3o da Pol\u00f4nia e a subsequente parti\u00e7\u00e3o de seu territ\u00f3rio colocaram grande parte das propriedades do Priorado sob controle russo. A fim de reivindicar os direitos da Ordem, foram iniciadas negocia\u00e7\u00f5es com Catarina, a Grande, na Corte Imperial Russa, com Baili Conde Julius Renatus de Litta como Ministro Plenipotenci\u00e1rio da Ordem. Os esfor\u00e7os diplom\u00e1ticos do conde de Litta tiveram extraordin\u00e1rio sucesso ap\u00f3s a morte da imperatriz e a ascens\u00e3o ao trono de seu filho Czarevich Paulo.<\/span><br \/><span style=\"color: #000000;\">Em janeiro de 1792, a Ordem foi reconhecida na R\u00fassia por uma Conven\u00e7\u00e3o feita em S\u00e3o Petersburgo entre o Czar Paulo I e o Gr\u00e3o-Mestre de Rohan. Os termos da Conven\u00e7\u00e3o foram ratificados em agosto de 1797, com o sucessor do Gr\u00e3o-Mestre de Rohan, Frei Ferdinand Von Hompesh, que conferiu ao Czar o t\u00edtulo de Protetor da Ordem. Em dezembro (1797), durante uma cerim\u00f4nia solene, o czar aceitou esta nova dignidade.<\/span><br \/><span style=\"color: #000000;\">Representantes do Priorado Aut\u00f4nomo da Pol\u00f4nia, que nunca deixou de existir, junto com representantes de outros Priorados e Comandantes Heredit\u00e1rios em condi\u00e7\u00f5es semelhantes, reuniram-se nos Estados Unidos em 1908 e, na presen\u00e7a dos Comandantes Heredit\u00e1rios, decidiram organizar uma confer\u00eancia de Priorados Aut\u00f4nomos. Esta confer\u00eancia ocorreu em 1908 e, em 1911, como resultado, a Uni\u00e3o Mundial de Priorados Aut\u00f4nomos e Comandantes Heredit\u00e1rios foi registrada de acordo com a lei americana.<\/span><br \/><span style=\"color: #000000;\">Em 6 de fevereiro de 1954, o Grande Conselho da Uni\u00e3o dos Priorados Aut\u00f4nomos elegeu como seu Gr\u00e3o-Mestre o Comandante Heredit\u00e1rio da Comenda de SvernikStarolessve e da Comenda de Beon-Toulouse.<\/span><\/p><p><span style=\"color: #000000;\">II<\/span><\/p><p><span style=\"color: #000000;\">Com respeito \u00e0 elei\u00e7\u00e3o do Gr\u00e3o-Mestre pelo Grande Conselho da Uni\u00e3o dos Priorados Aut\u00f4nomos, uma senten\u00e7a da Magistratura italiana datada de 25 de junho de 1955 afirma:<\/span><\/p><p><span style=\"color: #000000;\">\u201cEvidentemente, o Tribunal dos Cardeais pretendia lidar apenas com a Nova Institui\u00e7\u00e3o Papal e n\u00e3o com a antiga Ordem representada de todos os Priorados, que, em vez disso, depois disso, decidiram proceder com a nomea\u00e7\u00e3o de seu novo Gr\u00e3o-Mestre, e em 6 de fevereiro de 1954, elegeu esta Dignidade, o citado Pr\u00edncipe Nicola de Ligny-Luxemburgo de Lascaris Ventimiglia da antiga Dinastia Ardenne-Lorraine \u201d.<\/span><\/p><p><span style=\"color: #000000;\">A senten\u00e7a do Judici\u00e1rio italiano, datada de 25 de junho de 1955, proferida em uma peti\u00e7\u00e3o apresentada ao Tribunal, reconhece Sua Alteza Real Pr\u00edncipe Nicola de Ligny-Luxembourg de Lascaris Ventimille, como Pr\u00edncipe Imperial e Real de Chipre e Jerusal\u00e9m, como Chefe da Dinastia das Ardenas- Lorraine, que foi a fundadora do Reino de Jerusal\u00e9m como herdeira de todos os direitos soberanos daquela dinastia e como Gr\u00e3o-Mestre protetor \u201cJure Sanguines\u201d dos Priorados Unidos Aut\u00f4nomos e Comandantes Heredit\u00e1rios da Ordem de S\u00e3o Jo\u00e3o de Jerusal\u00e9m chamados de Malta, com todos os direitos da Dinastia, incluindo o direito de conferir ou delegar a atribui\u00e7\u00e3o dos t\u00edtulos de cavalaria desta Ordem, sem limita\u00e7\u00e3o no uso dos t\u00edtulos correspondentes por aqueles que os recebem.<\/span><\/p><p><span style=\"color: #000000;\">O esclarecimento da Magistratura italiana a respeito do Tribunal de Cardeais refere-se \u00e0 senten\u00e7a de 24 de janeiro de 1953, publicada no Di\u00e1rio Oficial do Vaticano, Acta Apostolica Sedis n. 15 de 30 de novembro de 1953, que estabelece:<\/span><\/p><p><span style=\"color: #000000;\">1 \u00b0 Que os poderes e prerrogativas conferidos \u00e0 Ordem como Sujeito de Direito Internacional, entretanto, n\u00e3o constituem o conjunto de poderes e prerrogativas inerentes a um Estado Soberano na acep\u00e7\u00e3o plena da palavra.<\/span><br \/><span style=\"color: #000000;\">2 \u00b0 Que a Ordem \u00e9 especificamente uma Ordem Religiosa aprovada pela Santa S\u00e9.<\/span><br \/><span style=\"color: #000000;\">3 \u00b0 Que a Ordem Gerosolimitano est\u00e1 subordinada \u00e0 Santa S\u00e9 e em particular \u00e0 Sagrada Congrega\u00e7\u00e3o dos Religiosos, e que os portadores das condecora\u00e7\u00f5es da Ordem dependem da Ordem e, consequentemente, da Santa S\u00e9.<\/span><\/p><p><span style=\"color: #000000;\">III<\/span><\/p><p><span style=\"color: #000000;\">Devido \u00e0s circunst\u00e2ncias especiais e aos regulamentos do Governo italiano com refer\u00eancia aos t\u00edtulos de cavalaria, \u00e9 particularmente importante para todo cidad\u00e3o italiano estar ciente de que, no que diz respeito \u00e0 citada senten\u00e7a da Magistratura italiana, as seguintes Leis Jur\u00eddicas, princ\u00edpios e precedentes s\u00e3o aplic\u00e1veis , tanto no direito italiano como no direito internacional.<\/span><br \/><span style=\"color: #000000;\">O artigo 90 do C\u00f3digo de Processo Penal diz: \u201cO arguido condenado ou absolvido mesmo \u00e0 revelia com pena que se tornou irrevog\u00e1vel n\u00e3o pode ser novamente submetido a processo penal pelo mesmo facto, mesmo que seja de outra forma considerado para o t\u00edtulo, por o grau ou circunst\u00e2ncias, exceto conforme previsto nos artigos 17, 89 e 402.<\/span><br \/><span style=\"color: #000000;\">Se, no entanto, o processo penal for reiniciado, o juiz em cada estado e grau do processo profere uma senten\u00e7a declarando que ele n\u00e3o deve prosseguir, porque a a\u00e7\u00e3o penal n\u00e3o poderia ser exercida. Com o prop\u00f3sito de identificar legalmente a sua exist\u00eancia dentro de outro Estado, enquanto aguarda o reconhecimento oficial, a Ordem opera em diversas ocasi\u00f5es ao abrigo das leis de diversos entes estatais, sem reduzir as suas prerrogativas de soberania inerentes, imunidades diplom\u00e1ticas e superiores, bem como direitos distintos dos de uma entidade nacional. Na sua qualidade de \u00f3rg\u00e3o nacional, a Ordem tem todos os direitos derivados e conferidos aos \u00f3rg\u00e3os nacionais do Estado onde opera.<\/span><\/p><p><span style=\"color: #000000;\">Ao mesmo tempo\u2026<\/span><\/p><p><span style=\"color: #000000;\">Ap\u00f3s a perda da ilha de Malta, muitos cavaleiros encontraram ref\u00fagio e boas-vindas em Paulo I, da R\u00fassia, protetor da Ordem. Apesar da relut\u00e2ncia do Papa em nomear um Ortodoxo, os Cavaleiros Refugiados junto com os Cavaleiros do Priorado Russo elegem o Protetor Paulo I como Gr\u00e3o-Mestre da Ordem. Em 9 de fevereiro de 1803, o Papa Pio VII nomeia Bali Giovanni Battista Tommasi de Cortona como Gr\u00e3o-Mestre. A Ordem cessa aquela fun\u00e7\u00e3o militar que registou o seu apogeu que durou mais de sete s\u00e9culos e regressa \u00e0s suas origens hospitaleiras de assist\u00eancia e ajuda. Em sua marcha pela hist\u00f3ria a Ordem conquistou novos louros, talvez n\u00e3o menos gloriosos do que os conquistados nos campos de batalha ou nas guerras no mar. A elei\u00e7\u00e3o de Tommasi n\u00e3o foi aceita por todos os Cavaleiros espalhados pela Europa. Dessas vicissitudes hist\u00f3ricas e pol\u00edticas nasceram v\u00e1rias ramifica\u00e7\u00f5es, entre as quais a mais proeminente foi o ramo patrocinado pelo Vaticano, geralmente conhecido como SMOM. A reforma protestante resultou na divis\u00e3o dos Cavaleiros dos pa\u00edses n\u00f3rdicos. Na Alemanha, onde o bailee de Brandenburg existia desde 1318, rompeu com a ordem na \u00e9poca da Reforma e, depois de viver sob o protetorado do Eleitor de Brandenburg, confiscou seus bens em 1810 pelo Rei da Pr\u00fassia. Foi reconstru\u00edda em 1812 sob o protetorado do rei da Pr\u00fassia, Frederico Guilherme IV, em 15 de outubro de 1853, cancelou o edito de 1812, reconstituiu o antigo p\u00e1tio de Brandemburgo, atualmente conhecido como \u201cOrdem de Johanniter\u201d, a fim de distingui-lo da \u201cOrdem de Malteser\u201d da religi\u00e3o cat\u00f3lica. Na Inglaterra, onde existiam os Priorados da Inglaterra, Irlanda e D\u00e1cia desde 1445, e que havia confiscado as propriedades em 1545 ap\u00f3s o cisma, em 1831 foi estabelecido um Gr\u00e3o Priorado da Inglaterra da ordem de S\u00e3o Jo\u00e3o, composto por anglicanos, que se consideravam um ramo daquela Cat\u00f3lica, sem ser reconhecida como tal, e que em 1858 assumiu o nome de Ordem do Hospital de S\u00e3o Jo\u00e3o na Inglaterra, da qual os reis da Inglaterra s\u00e3o chefes e protetores soberanos. A Ordem est\u00e1 aberta a crist\u00e3os de todas as confiss\u00f5es. Durante este per\u00edodo, a Ordem Soberana OSJ tem admira\u00e7\u00e3o e respeito por todos os outros ramos da ordem, qualquer que seja a religi\u00e3o a que perten\u00e7am. Ele est\u00e1 sempre pronto para um aperto de m\u00e3o em sinal de amizade crist\u00e3 e fraterna. A Ordem entre guerras, cercos, problemas hist\u00f3ricos, reformas, transforma\u00e7\u00f5es, continua sua marcha pela hist\u00f3ria, quase nunca mudando, ali\u00e1s, sempre conseguindo preservar uma coes\u00e3o \u00edntima, uma preemin\u00eancia pol\u00edtica, um grande prest\u00edgio. \u00c9 sempre como uma bandeira nunca dobrada. Os homens desapareceram, suas fraquezas, suas ansiedades, os grandes e os pobres, os her\u00f3is e os vivos, os vencidos e os vencedores desapareceram. Restam os brilhantes exemplos de caridade da Ordem de Malta que, talvez, nunca foi forte, florescente, conhecida e respeitada no mundo como o \u00e9 hoje. Os tempos mudam, mas a luz de uma grande f\u00e9 permanece a mesma: a cruz branca de oito pontas. Pr\u00f3spera, conhecida e respeitada no mundo, como hoje.<\/span><\/p><\/div><\/div><\/div>\t\t\t\t\t\t\t\t<\/div>\n\t\t\t\t<\/div>\n\t\t\t\t\t<\/div>\n\t\t<\/div>\n\t\t\t\t\t<\/div>\n\t\t<\/section>\n\t\t\t\t<\/div>\n\t\t","protected":false},"excerpt":{"rendered":"<p>No in\u00edcio do ano 1000 Jerusal\u00e9m foi ocupada pelos sarracenos por cerca de 500 anos. Um grupo de navegadores de Amalfi em 1020 obteve do califa Dehara Ladimellah a concess\u00e3o para a constru\u00e7\u00e3o, em Jerusal\u00e9m, de um bairro com um escrit\u00f3rio comercial para hot\u00e9is, igrejas e um hosp\u00edcio para doentes e peregrinos que muitas vezes [&hellip;]<\/p>\n","protected":false},"author":1,"featured_media":0,"parent":0,"menu_order":0,"comment_status":"closed","ping_status":"closed","template":"elementor_header_footer","meta":{"ocean_post_layout":"","ocean_both_sidebars_style":"","ocean_both_sidebars_content_width":0,"ocean_both_sidebars_sidebars_width":0,"ocean_sidebar":"0","ocean_second_sidebar":"0","ocean_disable_margins":"enable","ocean_add_body_class":"","ocean_shortcode_before_top_bar":"","ocean_shortcode_after_top_bar":"","ocean_shortcode_before_header":"","ocean_shortcode_after_header":"","ocean_has_shortcode":"","ocean_shortcode_after_title":"","ocean_shortcode_before_footer_widgets":"","ocean_shortcode_after_footer_widgets":"","ocean_shortcode_before_footer_bottom":"","ocean_shortcode_after_footer_bottom":"","ocean_display_top_bar":"off","ocean_display_header":"default","ocean_header_style":"","ocean_center_header_left_menu":"0","ocean_custom_header_template":"0","ocean_custom_logo":0,"ocean_custom_retina_logo":0,"ocean_custom_logo_max_width":0,"ocean_custom_logo_tablet_max_width":0,"ocean_custom_logo_mobile_max_width":0,"ocean_custom_logo_max_height":0,"ocean_custom_logo_tablet_max_height":0,"ocean_custom_logo_mobile_max_height":0,"ocean_header_custom_menu":"0","ocean_menu_typo_font_family":"0","ocean_menu_typo_font_subset":"","ocean_menu_typo_font_size":0,"ocean_menu_typo_font_size_tablet":0,"ocean_menu_typo_font_size_mobile":0,"ocean_menu_typo_font_size_unit":"px","ocean_menu_typo_font_weight":"","ocean_menu_typo_font_weight_tablet":"","ocean_menu_typo_font_weight_mobile":"","ocean_menu_typo_transform":"","ocean_menu_typo_transform_tablet":"","ocean_menu_typo_transform_mobile":"","ocean_menu_typo_line_height":0,"ocean_menu_typo_line_height_tablet":0,"ocean_menu_typo_line_height_mobile":0,"ocean_menu_typo_line_height_unit":"","ocean_menu_typo_spacing":0,"ocean_menu_typo_spacing_tablet":0,"ocean_menu_typo_spacing_mobile":0,"ocean_menu_typo_spacing_unit":"","ocean_menu_link_color":"","ocean_menu_link_color_hover":"","ocean_menu_link_color_active":"","ocean_menu_link_background":"","ocean_menu_link_hover_background":"","ocean_menu_link_active_background":"","ocean_menu_social_links_bg":"","ocean_menu_social_hover_links_bg":"","ocean_menu_social_links_color":"","ocean_menu_social_hover_links_color":"","ocean_disable_title":"on","ocean_disable_heading":"default","ocean_post_title":"","ocean_post_subheading":"","ocean_post_title_style":"","ocean_post_title_background_color":"","ocean_post_title_background":0,"ocean_post_title_bg_image_position":"","ocean_post_title_bg_image_attachment":"","ocean_post_title_bg_image_repeat":"","ocean_post_title_bg_image_size":"","ocean_post_title_height":0,"ocean_post_title_bg_overlay":0.5,"ocean_post_title_bg_overlay_color":"","ocean_disable_breadcrumbs":"default","ocean_breadcrumbs_color":"","ocean_breadcrumbs_separator_color":"","ocean_breadcrumbs_links_color":"","ocean_breadcrumbs_links_hover_color":"","ocean_display_footer_widgets":"default","ocean_display_footer_bottom":"default","ocean_custom_footer_template":"0","footnotes":""},"class_list":["post-370","page","type-page","status-publish","hentry","entry"],"_links":{"self":[{"href":"https:\/\/knightsofmaltaosj.com.br\/index.php?rest_route=\/wp\/v2\/pages\/370"}],"collection":[{"href":"https:\/\/knightsofmaltaosj.com.br\/index.php?rest_route=\/wp\/v2\/pages"}],"about":[{"href":"https:\/\/knightsofmaltaosj.com.br\/index.php?rest_route=\/wp\/v2\/types\/page"}],"author":[{"embeddable":true,"href":"https:\/\/knightsofmaltaosj.com.br\/index.php?rest_route=\/wp\/v2\/users\/1"}],"replies":[{"embeddable":true,"href":"https:\/\/knightsofmaltaosj.com.br\/index.php?rest_route=%2Fwp%2Fv2%2Fcomments&post=370"}],"version-history":[{"count":7,"href":"https:\/\/knightsofmaltaosj.com.br\/index.php?rest_route=\/wp\/v2\/pages\/370\/revisions"}],"predecessor-version":[{"id":638,"href":"https:\/\/knightsofmaltaosj.com.br\/index.php?rest_route=\/wp\/v2\/pages\/370\/revisions\/638"}],"wp:attachment":[{"href":"https:\/\/knightsofmaltaosj.com.br\/index.php?rest_route=%2Fwp%2Fv2%2Fmedia&parent=370"}],"curies":[{"name":"wp","href":"https:\/\/api.w.org\/{rel}","templated":true}]}}