{"id":486,"date":"2022-04-20T19:50:28","date_gmt":"2022-04-20T19:50:28","guid":{"rendered":"http:\/\/knightsofmaltaosj.com.br\/?page_id=486"},"modified":"2022-05-04T18:46:22","modified_gmt":"2022-05-04T18:46:22","slug":"historia-da-ordem-de-malta-osj","status":"publish","type":"page","link":"https:\/\/knightsofmaltaosj.com.br\/?page_id=486","title":{"rendered":"Hist\u00f3ria"},"content":{"rendered":"\t\t<div data-elementor-type=\"wp-page\" data-elementor-id=\"486\" class=\"elementor elementor-486\">\n\t\t\t\t\t\t<section class=\"elementor-section elementor-top-section elementor-element elementor-element-201c69a elementor-section-boxed elementor-section-height-default elementor-section-height-default\" data-id=\"201c69a\" data-element_type=\"section\" data-e-type=\"section\">\n\t\t\t\t\t\t<div class=\"elementor-container elementor-column-gap-default\">\n\t\t\t\t\t<div class=\"elementor-column elementor-col-100 elementor-top-column elementor-element elementor-element-b70da40\" data-id=\"b70da40\" data-element_type=\"column\" data-e-type=\"column\">\n\t\t\t<div class=\"elementor-widget-wrap elementor-element-populated\">\n\t\t\t\t\t\t<div class=\"elementor-element elementor-element-74fd6c6 elementor-widget elementor-widget-image\" data-id=\"74fd6c6\" data-element_type=\"widget\" data-e-type=\"widget\" data-widget_type=\"image.default\">\n\t\t\t\t<div class=\"elementor-widget-container\">\n\t\t\t\t\t\t\t\t\t\t\t\t\t\t\t<img fetchpriority=\"high\" decoding=\"async\" width=\"300\" height=\"197\" src=\"https:\/\/knightsofmaltaosj.com.br\/wp-content\/uploads\/2022\/03\/logo-senza-sfondo-300x197-1-1.jpg\" class=\"attachment-medium size-medium wp-image-374\" alt=\"\" \/>\t\t\t\t\t\t\t\t\t\t\t\t\t\t\t<\/div>\n\t\t\t\t<\/div>\n\t\t\t\t<div class=\"elementor-element elementor-element-62d72e1 elementor-widget-divider--view-line elementor-widget elementor-widget-divider\" data-id=\"62d72e1\" data-element_type=\"widget\" data-e-type=\"widget\" data-widget_type=\"divider.default\">\n\t\t\t\t<div class=\"elementor-widget-container\">\n\t\t\t\t\t\t\t<div class=\"elementor-divider\">\n\t\t\t<span class=\"elementor-divider-separator\">\n\t\t\t\t\t\t<\/span>\n\t\t<\/div>\n\t\t\t\t\t\t<\/div>\n\t\t\t\t<\/div>\n\t\t\t\t<div class=\"elementor-element elementor-element-3042f51 elementor-widget elementor-widget-heading\" data-id=\"3042f51\" data-element_type=\"widget\" data-e-type=\"widget\" data-widget_type=\"heading.default\">\n\t\t\t\t<div class=\"elementor-widget-container\">\n\t\t\t\t\t<h2 class=\"elementor-heading-title elementor-size-default\">A HIST\u00d3RIA DA ORDEM SOBERANA DE S\u00c3O JO\u00c3O DE JERUSAL\u00c9M<\/h2>\t\t\t\t<\/div>\n\t\t\t\t<\/div>\n\t\t\t\t<div class=\"elementor-element elementor-element-0197803 elementor-widget elementor-widget-heading\" data-id=\"0197803\" data-element_type=\"widget\" data-e-type=\"widget\" data-widget_type=\"heading.default\">\n\t\t\t\t<div class=\"elementor-widget-container\">\n\t\t\t\t\t<h2 class=\"elementor-heading-title elementor-size-default\">CAVALEIROS DE MALTA OSJ<\/h2>\t\t\t\t<\/div>\n\t\t\t\t<\/div>\n\t\t\t\t<div class=\"elementor-element elementor-element-a806b91 elementor-widget-divider--view-line elementor-widget elementor-widget-divider\" data-id=\"a806b91\" data-element_type=\"widget\" data-e-type=\"widget\" data-widget_type=\"divider.default\">\n\t\t\t\t<div class=\"elementor-widget-container\">\n\t\t\t\t\t\t\t<div class=\"elementor-divider\">\n\t\t\t<span class=\"elementor-divider-separator\">\n\t\t\t\t\t\t<\/span>\n\t\t<\/div>\n\t\t\t\t\t\t<\/div>\n\t\t\t\t<\/div>\n\t\t\t\t<section class=\"elementor-section elementor-inner-section elementor-element elementor-element-ec6c909 elementor-section-boxed elementor-section-height-default elementor-section-height-default\" data-id=\"ec6c909\" data-element_type=\"section\" data-e-type=\"section\">\n\t\t\t\t\t\t<div class=\"elementor-container elementor-column-gap-default\">\n\t\t\t\t\t<div class=\"elementor-column elementor-col-100 elementor-inner-column elementor-element elementor-element-4cb56e2\" data-id=\"4cb56e2\" data-element_type=\"column\" data-e-type=\"column\">\n\t\t\t<div class=\"elementor-widget-wrap elementor-element-populated\">\n\t\t\t\t\t\t<div class=\"elementor-element elementor-element-b1b732a elementor-widget elementor-widget-text-editor\" data-id=\"b1b732a\" data-element_type=\"widget\" data-e-type=\"widget\" data-widget_type=\"text-editor.default\">\n\t\t\t\t<div class=\"elementor-widget-container\">\n\t\t\t\t\t\t\t\t\t<p><span style=\"color: #000000;\">A hist\u00f3ria da Ordem dos Cavaleiros de Malta remonta a cerca de dez s\u00e9culos atr\u00e1s, quando no s\u00e9culo 11, um grupo de <strong>cavaleiros de Amalfi<\/strong> decidiu fundar um no Oriente pr\u00f3pria <strong>igreja regional<\/strong>. A necessidade de professar o culto crist\u00e3o levou os cavaleiros a fazer um acordo com o califa fatimita do Egito.<\/span><br \/><span style=\"color: #000000;\">Eles ergueram a<strong> Igreja de Santa Maria Latina em Jerusal\u00e9m<\/strong> sob o governo de Santo Agostinho.<\/span><br \/><span style=\"color: #000000;\">A Igreja foi apenas a primeira grande obra dos cavaleiros na Terra Santa desde, pouco mais tarde, <strong>Mauro e Pantaleone De Comitis de Amalfi<\/strong> mandaram construir um <strong>hospital<\/strong>.<\/span><br \/><span style=\"color: #000000;\">Isso poderia acomodar at\u00e9 1200 pessoas doentes e dar conforto aos necessitados entre os seus<\/span><br \/><span style=\"color: #000000;\">paredes sustentadas por 64 pilares.<\/span><br \/><span style=\"color: #000000;\">O hospital foi <strong>dedicado a S\u00e3o Jo\u00e3o Batista<\/strong>, a cujo culto a Igreja foi dedicada interno.<\/span><br \/><span style=\"color: #000000;\">Em <strong>1113<\/strong> uma bula de Pasquale II sancionou a forma\u00e7\u00e3o da ordem mon\u00e1stica dedicada \u00e0 gest\u00e3o do hospital sob a lideran\u00e7a de<strong> Gerardus De Saxo<\/strong>. A ordem mon\u00e1stica.<\/span><br \/><span style=\"color: #000000;\">O leigo era, portanto, constitu\u00eddo por cavaleiros religiosos ligados aos votos de pobreza, castidade e<\/span><br \/><span style=\"color: #000000;\">obedi\u00eancia.<\/span><br \/><span style=\"color: #000000;\">Com a morte de Gerardus, a ordem ainda n\u00e3o estava militarizada, era seu sucessor <strong>Raimondo di Puy<\/strong> para acrescentar aos votos mon\u00e1sticos o de <strong>defender a Terra com o <\/strong><strong>de armas na m\u00e3o<\/strong> e nomeou a ordem <strong>Cavaleiros de S\u00e3o Jo\u00e3o de Jerusal\u00e9m.<\/strong><\/span><br \/><span style=\"color: #000000;\">Os Cavaleiros tinham a tarefa de defender e proteger os centros em que acolhiam doentes e peregrinos no Reino de Jerusal\u00e9m.<\/span><br \/><span style=\"color: #000000;\"><strong>Como s\u00edmbolo eles assumiram a Cruz Octogonal de Amalfi,<\/strong> em mem\u00f3ria deles origens e as oito bem-aventuran\u00e7as da f\u00e9. Eles usavam mantos pretos, cruz branca e bandeira vermelha. Eles os apelidaram de Homens Negros, em oposi\u00e7\u00e3o a <strong>TEMPL\u00c1RIOS<\/strong> Dem\u00f4nios Brancos.<\/span><br \/><span style=\"color: #000000;\"><strong>1187<\/strong> foi o tr\u00e1gico ano da<strong> queda de Jerusal\u00e9m contra Saladino<\/strong> a quem ele empalou e massacrou muitos <strong>Hospital\u00e1rios e Templ\u00e1rios que sempre estiveram juntos<\/strong>. As batalhas cruzadas continuaram e a cidade foi definitivamente perdida em 1244.<\/span><br \/><span style=\"color: #000000;\">A defesa das outras fortalezas continuou nos principados de Antioquia, Tiro e Edessa, no munic\u00edpio de Tr\u00edpoli, em Jafa e no Acre.<\/span><br \/><span style=\"color: #000000;\">Em <strong>1271<\/strong> a queda da fortaleza mais imponente, o Krak des Knights, marcou o in\u00edcio da <strong>queda definitiva da ordem na Terra Santa<\/strong> e a partida, vinte anos depois, para a virada da Europa.<\/span><br \/><span style=\"color: #000000;\">Em <strong>1291<\/strong>, a Ordem Hospitaleira de S\u00e3o Jo\u00e3o, juntamente com os Templ\u00e1rios, instalou-se em <strong>Chipre<\/strong>. Em 1309 conquistou a ilha de Rodes, onde permaneceu at\u00e9 1522 com o nome de Cavaleiros de Rodes. Em poucos anos conquistou muitas ilhas do mar Egeu, incluindo Limosa, Castelrosso, Nisiro, Lero, Cos e Calchi tanto que o pedido pode ser considerado um verdadeiro e pr\u00f3pria <strong>Rep\u00fablica Aristocr\u00e1tica Mar\u00edtima no modelo genov\u00eas e veneziano<\/strong>.<\/span><br \/><span style=\"color: #000000;\">A ordem era composta por cavaleiros de origens nobres agrupados em oito a\u00e7\u00f5es lingu\u00edstica, dependendo da origem geogr\u00e1fica: italiano, franc\u00eas, ingl\u00eas, Alem\u00e3o, castelhano, portugu\u00eas, aragon\u00eas, proven\u00e7al.<\/span><br \/><span style=\"color: #000000;\">Infelizmente, Rodes n\u00e3o resistiu ao ataque dos turcos em 1522 que expulsou a ordem da ilha, condenando-o a peregrinar at\u00e9 <strong>1530<\/strong>, ano em que Carlos V concedida a <strong>ilha de Malta<\/strong>.<\/span><br \/><span style=\"color: #000000;\">A Ordem dos Cavaleiros de Malta estabeleceu-se na ilha no outono de 1530 a mando de Carlos V, com a aprova\u00e7\u00e3o do Papa Clemente VII.<\/span><br \/><span style=\"color: #000000;\">\u00c0 frente da ordem, com poderes soberanos sobre toda a ilha, estava o <strong>Gr\u00e3o-Mestre Philip de <\/strong><strong>Ilha Adam<\/strong> que desembarcou com o hist\u00f3rico S. Anna, o primeiro navio blindado historicamente documentado, logo transformou Malta em uma fortaleza inexpugn\u00e1vel.<\/span><br \/><span style=\"color: #000000;\">O segundo membro da fam\u00edlia Petrucci a se juntar \u00e0 Ordem no s\u00e9culo XVI s\u00e9culo foi\u00a0<strong>Frei&#8217; Annibale Petrucci<\/strong> em 21 de maio de 1572. Ele foi seguido pelo ilustre Gr\u00e3o-Mestre <strong>Frei &#8216;Afranio Petrucci<\/strong>, terceiro da fam\u00edlia para entrar na heran\u00e7a din\u00e1stica do Priorado Hospitaleira da Ordem.<\/span><br \/><span style=\"color: #000000;\">Em <strong>1789<\/strong>, a <strong>Revolu\u00e7\u00e3o Francesa<\/strong> marcou um passo importante na hist\u00f3ria tamb\u00e9m da Ordem dos Cavaleiros de Malta. Era improv\u00e1vel que o ex\u00e9rcito de revolucion\u00e1rios poderia pedir apoio em batalha da Ordem Aristocr\u00e1tica que teve durante s\u00e9culos serviu o reino, de fato, em <strong>7 de junho de 1798<\/strong>, a frota de Napole\u00e3o dirigiu-se ao Egito ancorado ao largo da ilha de Malta pedindo a rendi\u00e7\u00e3o imediata da cidade fortificada.<\/span><br \/><span style=\"color: #000000;\">Napole\u00e3o roubou muitos tesouros que desapareceram quando seu navio foi afundou na Batalha do Nilo em agosto do mesmo ano. Muitos cavaleiros da Ordem abandonaram seus votos e retornaram aos seus pa\u00edses de origem, grande parte ele encontrou ref\u00fagio na R\u00fassia sob a<strong> prote\u00e7\u00e3o do czar Paulo I<\/strong>.<\/span><br \/><span style=\"color: #000000;\">Ap\u00f3s esta ocupa\u00e7\u00e3o, a maioria dos Cavaleiros refugiou-se em S. Petersburgo e o <strong>czar Paulo I<\/strong>, ex-<strong>protetor da Ordem<\/strong>, concordaram em se tornar <strong>Grande Mestre<\/strong>. Nesse \u00ednterim, a Ordem j\u00e1 havia entrado na arena internacional obtendo importantes reconhecimentos e confirmando assim sua Soberania. No 1794 havia sancionado um tratado de alian\u00e7a e reconhecimento m\u00fatuo com os Estados United representado pelo futuro Presidente Monroe; em 1802 foi firmado em <strong>Amiens<\/strong> o tratado de paz entre a Ordem e as Pot\u00eancias Europeias que, entre outras coisas, previa e estabeleceu a perp\u00e9tua <strong>Neutralidade, Liberdade, Independ\u00eancia e Soberania<\/strong> da Ordem.<\/span><br \/><span style=\"color: #000000;\"><strong>1905<\/strong> foi o ano da <strong>Revolu\u00e7\u00e3o na R\u00fassia,<\/strong> enquanto em toda a Europa foi registrado em sentimento crescente que logo levaria a grandes conflitos Copa do Mundo.<\/span><br \/><span style=\"color: #000000;\">Ap\u00f3s a Revolu\u00e7\u00e3o Russa, a Ordem OSJ mudou-se para se reorganizar em estados Unido e <strong>Gr\u00e3o-Duque Alessandro Mikailovitch<\/strong>, descendente direto do <strong>czar Paulo I<\/strong>, ele foi nomeado <strong>71\u00ba Gr\u00e3o-Mestre<\/strong>.<\/span><br \/><span style=\"color: #000000;\">A tradi\u00e7\u00e3o hospitalar russa de S\u00e3o Jo\u00e3o continuou no Imp\u00e9rio Russo.<\/span><br \/><span style=\"color: #000000;\">Os emigrantes russos que foram para o ex\u00edlio ap\u00f3s a Revolu\u00e7\u00e3o de 1917 tentaram manter a Ordem viva.<\/span><br \/><span style=\"color: #000000;\">Em 24 de junho de 1928, um grupo de 12 comandantes heredit\u00e1rios russos reuniu-se em Paris para<\/span><br \/><span style=\"color: #000000;\">restabelecer as atividades do Gr\u00e3o Priorado Russo. Eles foram apoiados por tr\u00eas outros nobres Russos que aspiravam e eram admitidos como cavaleiros e comandantes heredit\u00e1rios do Grande Priorado Cat\u00f3lico da R\u00fassia. Eles passaram sob a lideran\u00e7a do Gr\u00e3o-Duque Alexandre Mikhailovich em 1933 e o Gr\u00e3o-Duque Andrei Vladimirovich em 1956, ambos com o t\u00edtulo de &#8220;Grande Prior&#8221;. Em 1939, o Gr\u00e3o-Duque Andrei e o Conselho aceitaram a cria\u00e7\u00e3o de um Priorado na Dinamarca; o Priorado de &#8220;D\u00e1cia&#8221;. Em 9 de dezembro de 1953, comandantes heredit\u00e1rios reuniram-se em Paris e redigiram uma Constitui\u00e7\u00e3o para o Gr\u00e3o Priorado Russo no ex\u00edlio. Em fevereiro de 1955, o Gr\u00e3o Priorado no ex\u00edlio com com sede em Paris foi registrada como uma associa\u00e7\u00e3o estrangeira sob a lei francesa como &#8220;Il Gr\u00e3o Priorado Russo da Ordem de S\u00e3o Jo\u00e3o de Jerusal\u00e9m &#8220;.<\/span><br \/><span style=\"color: #000000;\">Gr\u00e3o-Duque Vladimir Kirillovich da R\u00fassia tornou-se o &#8220;Protetor&#8221; do grupo Parisiense em 1956, mas recusou o t\u00edtulo de Gr\u00e3o Prior. Comandante Nicolau Tchirikoff tornou-se reitor da Uni\u00e3o at\u00e9 1974. Pr\u00edncipe Nikita Troubetzkoy tornou-se o membro remanescente do conselho, o que efetivamente marcou o fim do grupo formal de Paris.<\/span><br \/><span style=\"color: #000000;\">Em 1958 foi adotado um t\u00edtulo provis\u00f3rio; &#8220;Union des Descendants des Commandeurs Hereditaires et Chevaliers du Grand Prieure Russe de l&#8217;Ordre de St Jean de Jerusal\u00e9m. &#8220;Embora em 1975, com a morte do secret\u00e1rio, a lideran\u00e7a original havia desaparecido e a jurisdi\u00e7\u00e3o do grupo de Paris chegou ao fim jur\u00eddico final; afirma-se que a tradi\u00e7\u00e3o foi mantida pelo Priorado da D\u00e1cia, (que foi reconhecida como parte legal da Uni\u00e3o), juntamente com uma s\u00e9rie de descendentes de comandantes heredit\u00e1rios associados \u00e0 Associa\u00e7\u00e3o de Grandes Priores russos. Em 1977, no entanto, tamb\u00e9m o Conde Nicholas Bobrinsky, juntamente com v\u00e1rios comandantes heredit\u00e1rios, afirmaram manter essa tradi\u00e7\u00e3o e se tornaram o que \u00e9 agora conhecida como a Ordem Ortodoxa dos Cavaleiros de S\u00e3o Jo\u00e3o, o Gr\u00e3o Priorado Russo.<\/span><br \/><span style=\"color: #000000;\">Este grupo internacional filantr\u00f3pico e cavalheiresco na tradi\u00e7\u00e3o russa tem com sede em Nova York e tem mais de 600 membros, incluindo descendentes da nobreza russa heredit\u00e1rio, incluindo algumas das fam\u00edlias originais do comandante heredit\u00e1rio, bem como descendentes da Casa Romanov e outras Casas Reais, e \u00e9 reconhecida como uma ONG\/ DPI das Na\u00e7\u00f5es Unidas.<\/span><br \/><span style=\"color: #000000;\">Paulo I havia criado, sob a lei russa, os comandantes da fam\u00edlia do Grande Priorado russo com direitos de heran\u00e7a. S\u00e3o descendentes desses comandantes que, com o apoio de membros da fam\u00edlia imperial, eles continuaram essa tradi\u00e7\u00e3o Russo no ex\u00edlio. Nos \u00faltimos dias do Imp\u00e9rio e no ex\u00edlio, estes eram conhecidos como &#8220;comandantes heredit\u00e1rios&#8221;. Os comandantes se organizaram dentro do &#8220;Grande Russian Priory&#8221;, uma organiza\u00e7\u00e3o corporativa que existia sob v\u00e1rios nomes; &#8220;Associa\u00e7\u00e3o de Comandantes Heredit\u00e1rios&#8221; (1928), &#8220;Associa\u00e7\u00e3o Filantr\u00f3pica Russa do descendentes dos comandantes heredit\u00e1rios da Ordem Soberana de Malta &#8220;(1929-1932), &#8220;Union des Commandeurs Hereditaires et Chevaliers du Grand Prieure Russe de a Ordem de S\u00e3o Jo\u00e3o de Jerusal\u00e9m &#8220;(1957-1958) e o mais longo t\u00edtulo &#8220;Uni\u00e3o&#8221; relatado acima (1958-1975). Hoje v\u00e1rios grupos afirmam ser a continua\u00e7\u00e3o do priorado russo.<\/span><br \/><span style=\"color: #000000;\">Em julho de 2014, Maria Vladimirovna, gr\u00e3-duquesa da R\u00fassia, casa da dinastia de Romanov e pretendente ao trono russo, cujas reivindica\u00e7\u00f5es s\u00e3o contestadas por alguns membros da fam\u00edlia Romanov, divulgou um comunicado por meio de seu pr\u00f3prio chancelaria, renegar e negar que qualquer ordem de cavalaria, ou mandamentos nobres ou heredit\u00e1rios associados \u00e0 Ordem de S\u00e3o Jo\u00e3o sobreviveram aos decretos de Alexandre I, citando a hist\u00f3ria da Ordem de Malta na R\u00fassia, bem como documentos de origem russa.<\/span><br \/><span style=\"color: #000000;\">Com o tempo, a ordem com o Gr\u00e3o-Mestre Basilio Petrucci optou por deixar da Europa e qualquer poss\u00edvel envolvimento pol\u00edtico, transferindo a sua sede para Estados Unidos da Am\u00e9rica.<\/span><\/p>\n<p><span style=\"color: #000000;\"><strong>STATUS LEGAL:<\/strong><\/span><br \/><span style=\"color: #000000;\">A Soberana Ordem Hospitaleira de S\u00e3o Jo\u00e3o de Jerusal\u00e9m &#8211; Cavaleiros de Malta OSJ esta nota \u00e9 necess\u00e1ria por causa da confus\u00e3o que reina neste assunto e pelos in\u00fameros materiais publicados na web, quase sempre pouco confi\u00e1veis se n\u00e3o muitas vezes completamente falso.<\/span><br \/><span style=\"color: #000000;\">Deixando de lado a Origem Hist\u00f3rica da Ordem da qual se publica ampla documenta\u00e7\u00e3o papel.<\/span><br \/><span style=\"color: #000000;\">A Ordem \u00e9 juridicamente &#8220;<strong>PESSOA JUR\u00cdDICA DE DIREITO INTERNACIONAL<\/strong>&#8221; registrado para o per\u00edodo de 17 de mar\u00e7o de 1988 a 24 de junho de 2017 de acordo com as leis de Estado de Nova York, pelo Decreto n\u00ba 024230, no Condado de Nassau, Departamento de Estado de Nova York assinado por George A. Murphy, juiz da Suprema Corte.<\/span><br \/><span style=\"color: #000000;\">A forma jur\u00eddica da Ordem \u00e9 uma monarquia constitucional, o chefe de Estado \u00e9 o Grande Mestre.<\/span><br \/><span style=\"color: #000000;\">A Ordem est\u00e1 registrada na It\u00e1lia e reconhecida pela Rep\u00fablica Italiana com base no art.<\/span><br \/><span style=\"color: #000000;\">11 do tratado entre os EUA e a Rep\u00fablica Italiana de 2 de fevereiro de 1948 ratificado e convertida na lei n\u00ba 385, de 18 de junho de 1949. Conforme consta da escritura arquivada no Arquivo do Cart\u00f3rio Distrital de Roma: Repert\u00f3rio n\u00b0 64032 Cole\u00e7\u00e3o n\u00b0 4157.<\/span><br \/><span style=\"color: #000000;\">ATEN\u00c7\u00c3O: A Ordem Soberana Hospitaleira de S\u00e3o Jo\u00e3o de Jerusal\u00e9m &#8211; Cavaleiros de Malta OSJ \u00e9 uma Entidade Secular e Soberana, e n\u00e3o deve ser confundida com tanta frequ\u00eancia acontece, com a Ordem Soberana Militar de Malta sediada em Roma Via Condotti em abreviatura (SMOM), uma vez que n\u00e3o tem nada em comum com este \u00faltimo, sendo o SMOM Entidade sujeita apenas \u00e0 soberania da Igreja Cat\u00f3lica.<\/span><br \/><span style=\"color: #000000;\">II &#8211; A Ordem tamb\u00e9m \u00e9 reconhecida como Corpo Religioso pela C\u00faria Episcopal de Roma e pelo Patriarcado de Alexandria da Igreja Copta.<\/span><br \/><span style=\"color: #000000;\">H\u00e1 tamb\u00e9m um antigo tratado com a Igreja Ortodoxa.<\/span><br \/><span style=\"color: #000000;\"><strong>A Ordem acolhe crist\u00e3os de todas as confiss\u00f5es religiosas com igual dignidade de f\u00e9<\/strong>.<\/span><br \/><span style=\"color: #000000;\">A Ordem cuida do estudo das escrituras sagradas das grandes religi\u00f5es monote\u00edstas, atrav\u00e9s o trabalho da <strong>CONGREGA\u00c7\u00c3O CRIST\u00c3 SUPRANACIONAL DE RITO TEMPL\u00c1RIO <\/strong>cuja a miss\u00e3o \u00e9 a prote\u00e7\u00e3o, seguran\u00e7a e garantia da liberdade de culto no mundo.<\/span><br \/><span style=\"color: #000000;\">A Ordem realiza suas atividades humanit\u00e1rias e assistenciais por meio de suas funda\u00e7\u00f5es constitu\u00eddo e regulado pelas leis nacionais de cada pa\u00eds anfitri\u00e3o e de acordo com as acordos bilaterais e atrav\u00e9s do seu diplomata.<\/span><br \/><span style=\"color: #000000;\">Os setores em que as Funda\u00e7\u00f5es da Ordem atuam atualmente s\u00e3o:<\/span><br \/><span style=\"color: #000000;\">1- A gest\u00e3o do patrim\u00f4nio financeiro hist\u00f3rico da Ordem e dos fundos da legados ou investimentos de seus cavaleiros; a Ordem vale-se das atividades de alguns empresas de servi\u00e7os financeiros controladas pelas Funda\u00e7\u00f5es e com pessoal especializada em gest\u00e3o de ativos para o financiamento de projetos de desenvolvimento.<\/span><br \/><span style=\"color: #000000;\">2- Cada membro da Ordem \u00e9 obrigado a contribuir para as iniciativas promovidas pela Ordem, isso ocorre com uma contribui\u00e7\u00e3o em dinheiro paga a uma das funda\u00e7\u00f5es, ou dando seu trabalho em iniciativas humanit\u00e1rias por pelo menos 15 dias trabalhando por ano. (tudo isso \u00e9 melhor explicado na Regra dos Cavaleiros).<\/span><br \/><span style=\"color: #000000;\">3- Al\u00e9m disso, as Funda\u00e7\u00f5es t\u00eam acordos de participa\u00e7\u00e3o e promo\u00e7\u00e3o com empresas comerciais e industriais com os quais promovem projetos e iniciativas de desenvolvimento socialmente \u00fatil. Al\u00e9m disso, a Ordem disp\u00f5e de pessoal especializado em servi\u00e7os de seguran\u00e7a.<\/span><br \/><span style=\"color: #000000;\">4- A CONSULTA JUR\u00cdDICA da Ordem (Legal Defense Corp) \u00e9 um \u00f3rg\u00e3o judicial para a defesa dos interesses dos seus membros e aliados e disp\u00f5e do Servi\u00e7o de Seguran\u00e7a.<\/span><br \/><span style=\"color: #000000;\">5- O ano de <strong>2014<\/strong> foi proclamado <strong>ANO JUBILEU<\/strong>.<\/span><br \/><span style=\"color: #000000;\">Em 19 de dezembro de 1977, ap\u00f3s a morte do<strong> pr\u00edncipe Bas\u00edlio Petrucci,<\/strong> seu filho <strong>Arnaldo Leopoldo Petrucci Pr\u00edncipe de Vacone e Siena<\/strong> jurou fidelidade \u00e0 Ordem, a Constitui\u00e7\u00e3o e sua Bandeira tornando-se <strong>Gr\u00e3o-Mestre OSJ<\/strong>.<\/span><br \/><span style=\"color: #000000;\">Desde 1977, a hist\u00f3ria dos Cavaleiros de Malta OSJ continua com o Pr\u00edncipe Arnaldo Petrucci<\/span><br \/><span style=\"color: #000000;\">de Vacone e Siena.<\/span><br \/><span style=\"color: #000000;\">As atividades da Ordem s\u00e3o financiadas por doa\u00e7\u00f5es, contribui\u00e7\u00f5es anuais e receitas<\/span><br \/><span style=\"color: #000000;\">das funda\u00e7\u00f5es.<\/span><br \/><span style=\"color: #000000;\">No per\u00edodo de seu principado, em reconhecimento \u00e0s atividades humanit\u00e1rias realizado na R\u00fassia e no mundo, o pr\u00edncipe Arnaldo Petrucci foi condecorado com o &#8220;<strong>Cruz Patriarcal&#8221;<\/strong> pelo Patriarca PIMEN da R\u00fassia.<\/span><br \/><span style=\"color: #000000;\">No dia 26 de junho de 2017, ap\u00f3s um longo e dif\u00edcil sofrimento, o Gr\u00e3o-Mestre Arnaldo Leopoldo Petrucci Pr\u00edncipe de Vacone e Siena, morre no Arizona-EUA.<\/span><br \/><span style=\"color: #000000;\"><strong>Ap\u00f3s a morte do pr\u00edncipe Arnaldo Petrucci, o Conselho Supremo do OSJ <\/strong><strong>considerando cuidadosamente a hist\u00f3ria do OSJ, particularmente na R\u00fassia, onde a ordem foi <\/strong><strong>funcionou muito bem por muito tempo e pretendo continuar o curso de <\/strong><strong>hist\u00f3rico considerando a possibilidade de devolver a sede da Ordem \u00e0 R\u00fassia e a nomea\u00e7\u00e3o <\/strong><strong>do Gr\u00e3o-Mestre OSJ.<\/strong><\/span><\/p>\t\t\t\t\t\t\t\t<\/div>\n\t\t\t\t<\/div>\n\t\t\t\t\t<\/div>\n\t\t<\/div>\n\t\t\t\t\t<\/div>\n\t\t<\/section>\n\t\t\t\t<section class=\"elementor-section elementor-inner-section elementor-element elementor-element-441859f elementor-section-boxed elementor-section-height-default elementor-section-height-default\" data-id=\"441859f\" data-element_type=\"section\" data-e-type=\"section\">\n\t\t\t\t\t\t<div class=\"elementor-container elementor-column-gap-default\">\n\t\t\t\t\t<div class=\"elementor-column elementor-col-100 elementor-inner-column elementor-element elementor-element-2e2f018\" data-id=\"2e2f018\" data-element_type=\"column\" data-e-type=\"column\" data-settings=\"{&quot;background_background&quot;:&quot;classic&quot;}\">\n\t\t\t<div class=\"elementor-widget-wrap elementor-element-populated\">\n\t\t\t\t\t\t<div class=\"elementor-element elementor-element-ef929be elementor-align-center elementor-widget elementor-widget-button\" data-id=\"ef929be\" data-element_type=\"widget\" data-e-type=\"widget\" data-widget_type=\"button.default\">\n\t\t\t\t<div class=\"elementor-widget-container\">\n\t\t\t\t\t\t\t\t\t<div class=\"elementor-button-wrapper\">\n\t\t\t\t\t<a class=\"elementor-button elementor-button-link elementor-size-sm\" href=\"https:\/\/www.sovereignorderosjmalta.com\/storia-2\/\">\n\t\t\t\t\t\t<span class=\"elementor-button-content-wrapper\">\n\t\t\t\t\t\t\t\t\t<span class=\"elementor-button-text\">LEIA TUDO<\/span>\n\t\t\t\t\t<\/span>\n\t\t\t\t\t<\/a>\n\t\t\t\t<\/div>\n\t\t\t\t\t\t\t\t<\/div>\n\t\t\t\t<\/div>\n\t\t\t\t\t<\/div>\n\t\t<\/div>\n\t\t\t\t\t<\/div>\n\t\t<\/section>\n\t\t\t\t\t<\/div>\n\t\t<\/div>\n\t\t\t\t\t<\/div>\n\t\t<\/section>\n\t\t\t\t<\/div>\n\t\t","protected":false},"excerpt":{"rendered":"<p>A HIST\u00d3RIA DA ORDEM SOBERANA DE S\u00c3O JO\u00c3O DE JERUSAL\u00c9M CAVALEIROS DE MALTA OSJ A hist\u00f3ria da Ordem dos Cavaleiros de Malta remonta a cerca de dez s\u00e9culos atr\u00e1s, quando no s\u00e9culo 11, um grupo de cavaleiros de Amalfi decidiu fundar um no Oriente pr\u00f3pria igreja regional. A necessidade de professar o culto crist\u00e3o levou [&hellip;]<\/p>\n","protected":false},"author":1,"featured_media":0,"parent":0,"menu_order":0,"comment_status":"closed","ping_status":"closed","template":"","meta":{"ocean_post_layout":"","ocean_both_sidebars_style":"","ocean_both_sidebars_content_width":0,"ocean_both_sidebars_sidebars_width":0,"ocean_sidebar":"0","ocean_second_sidebar":"0","ocean_disable_margins":"enable","ocean_add_body_class":"","ocean_shortcode_before_top_bar":"","ocean_shortcode_after_top_bar":"","ocean_shortcode_before_header":"","ocean_shortcode_after_header":"","ocean_has_shortcode":"","ocean_shortcode_after_title":"","ocean_shortcode_before_footer_widgets":"","ocean_shortcode_after_footer_widgets":"","ocean_shortcode_before_footer_bottom":"","ocean_shortcode_after_footer_bottom":"","ocean_display_top_bar":"off","ocean_display_header":"default","ocean_header_style":"","ocean_center_header_left_menu":"0","ocean_custom_header_template":"0","ocean_custom_logo":0,"ocean_custom_retina_logo":0,"ocean_custom_logo_max_width":0,"ocean_custom_logo_tablet_max_width":0,"ocean_custom_logo_mobile_max_width":0,"ocean_custom_logo_max_height":0,"ocean_custom_logo_tablet_max_height":0,"ocean_custom_logo_mobile_max_height":0,"ocean_header_custom_menu":"0","ocean_menu_typo_font_family":"0","ocean_menu_typo_font_subset":"","ocean_menu_typo_font_size":0,"ocean_menu_typo_font_size_tablet":0,"ocean_menu_typo_font_size_mobile":0,"ocean_menu_typo_font_size_unit":"px","ocean_menu_typo_font_weight":"","ocean_menu_typo_font_weight_tablet":"","ocean_menu_typo_font_weight_mobile":"","ocean_menu_typo_transform":"","ocean_menu_typo_transform_tablet":"","ocean_menu_typo_transform_mobile":"","ocean_menu_typo_line_height":0,"ocean_menu_typo_line_height_tablet":0,"ocean_menu_typo_line_height_mobile":0,"ocean_menu_typo_line_height_unit":"","ocean_menu_typo_spacing":0,"ocean_menu_typo_spacing_tablet":0,"ocean_menu_typo_spacing_mobile":0,"ocean_menu_typo_spacing_unit":"","ocean_menu_link_color":"","ocean_menu_link_color_hover":"","ocean_menu_link_color_active":"","ocean_menu_link_background":"","ocean_menu_link_hover_background":"","ocean_menu_link_active_background":"","ocean_menu_social_links_bg":"","ocean_menu_social_hover_links_bg":"","ocean_menu_social_links_color":"","ocean_menu_social_hover_links_color":"","ocean_disable_title":"on","ocean_disable_heading":"default","ocean_post_title":"","ocean_post_subheading":"","ocean_post_title_style":"","ocean_post_title_background_color":"","ocean_post_title_background":0,"ocean_post_title_bg_image_position":"","ocean_post_title_bg_image_attachment":"","ocean_post_title_bg_image_repeat":"","ocean_post_title_bg_image_size":"","ocean_post_title_height":0,"ocean_post_title_bg_overlay":0.5,"ocean_post_title_bg_overlay_color":"","ocean_disable_breadcrumbs":"default","ocean_breadcrumbs_color":"","ocean_breadcrumbs_separator_color":"","ocean_breadcrumbs_links_color":"","ocean_breadcrumbs_links_hover_color":"","ocean_display_footer_widgets":"default","ocean_display_footer_bottom":"default","ocean_custom_footer_template":"0","footnotes":""},"class_list":["post-486","page","type-page","status-publish","hentry","entry"],"_links":{"self":[{"href":"https:\/\/knightsofmaltaosj.com.br\/index.php?rest_route=\/wp\/v2\/pages\/486"}],"collection":[{"href":"https:\/\/knightsofmaltaosj.com.br\/index.php?rest_route=\/wp\/v2\/pages"}],"about":[{"href":"https:\/\/knightsofmaltaosj.com.br\/index.php?rest_route=\/wp\/v2\/types\/page"}],"author":[{"embeddable":true,"href":"https:\/\/knightsofmaltaosj.com.br\/index.php?rest_route=\/wp\/v2\/users\/1"}],"replies":[{"embeddable":true,"href":"https:\/\/knightsofmaltaosj.com.br\/index.php?rest_route=%2Fwp%2Fv2%2Fcomments&post=486"}],"version-history":[{"count":30,"href":"https:\/\/knightsofmaltaosj.com.br\/index.php?rest_route=\/wp\/v2\/pages\/486\/revisions"}],"predecessor-version":[{"id":1208,"href":"https:\/\/knightsofmaltaosj.com.br\/index.php?rest_route=\/wp\/v2\/pages\/486\/revisions\/1208"}],"wp:attachment":[{"href":"https:\/\/knightsofmaltaosj.com.br\/index.php?rest_route=%2Fwp%2Fv2%2Fmedia&parent=486"}],"curies":[{"name":"wp","href":"https:\/\/api.w.org\/{rel}","templated":true}]}}